{"id":563,"date":"2015-09-28T09:50:44","date_gmt":"2015-09-28T09:50:44","guid":{"rendered":"http:\/\/comercialnespral.com\/project\/venta-collares-ortopedicos-2\/"},"modified":"2016-03-16T11:19:49","modified_gmt":"2016-03-16T11:19:49","slug":"orthopedic-collars","status":"publish","type":"project","link":"https:\/\/comercialnespral.com\/en\/project\/orthopedic-collars\/","title":{"rendered":"Collars"},"content":{"rendered":"<p>[et_pb_section][et_pb_row][et_pb_column type=&#8221;4_4&#8243;][et_pb_text admin_label=&#8221;Texto&#8221; background_layout=&#8221;light&#8221; text_orientation=&#8221;left&#8221; text_font_size=&#8221;11&#8243; use_border_color=&#8221;off&#8221; border_color=&#8221;#ffffff&#8221; border_style=&#8221;solid&#8221;]<\/p>\n<h2><strong>Collars<\/strong><\/h2>\n<p>[\/et_pb_text][\/et_pb_column][\/et_pb_row][et_pb_row][et_pb_column type=&#8221;1_2&#8243;][et_pb_text admin_label=&#8221;Texto&#8221; background_layout=&#8221;light&#8221; text_orientation=&#8221;left&#8221; use_border_color=&#8221;off&#8221; border_color=&#8221;#ffffff&#8221; border_style=&#8221;solid&#8221;]<\/p>\n<p style=\"text-align: justify;\"><strong>GENERAL INFORMATION ABOUT THE PRODUCT<\/strong><br \/>\nThis product is manufactured on the basis of the quality criteria set out in <em>Real Decreto 414\/96<\/em>, transposing Directive 93 \/ 42EEC on medical devices. It also meets all the essential requirements applicable to it.<\/p>\n<p style=\"text-align: justify;\"><strong>INDICATIONS<\/strong><br \/>\nLight or moderated cervical sprains without stability, soft areas traumatism and other light cervical injuries, rheumatic processes (inflammatory or degenerative).<\/p>\n<p style=\"text-align: justify;\"><strong>CHOOSING THE SIZE<\/strong><br \/>\nThe choice of size is vital to this product properly and effectively fulfill the functions for which it was designed. That choice is up to the technician and must be performed by a qualified health professional as excessive adjustment (high pressure) may cause trouble on the glottis during extension, while a necklace too loose may decrease the therapeutic efficacy. Pay special attention to the regulation collar height. To choose the right size it is sufficient to measure the perimeter of the patient&#8217;s neck and consult the table of equivalence to be found in the packaging of all necklaces. After making adjustments for the technician, preserve them for the life of the product.<\/p>\n<p style=\"text-align: justify;\"><strong>USE<\/strong><br \/>\nAlthough materials used in the design and manufacture of this product are hypoallergenic, it is possible that problems hypersensitization some components (allergies, contact dermatitis, etc.) or broken skin arise. Should any of these symptoms contact your doctor. Monitor same symptoms of excessive sweating. It is recommended to alternate the use of this necklace with therapeutic exercises specified by the doctor (if any), and use only the indicated times.<\/p>\n<p>[\/et_pb_text][\/et_pb_column][et_pb_column type=&#8221;1_2&#8243;][et_pb_text admin_label=&#8221;Texto&#8221; background_layout=&#8221;light&#8221; text_orientation=&#8221;left&#8221; use_border_color=&#8221;off&#8221; border_color=&#8221;#ffffff&#8221; border_style=&#8221;solid&#8221;]<\/p>\n<p style=\"text-align: justify;\"><strong>PACKAGING<\/strong><br \/>\nThe packaging of this product guarantees protection to avoid damage or contamination during transport, storage and use, provided they are made in health and appropriate environmental conditions to avoid exposure to direct sunlight.<\/p>\n<p style=\"text-align: justify;\"><strong>REUTILIZATION AND MODIFICATIONS<\/strong><br \/>\nThis product is not designed to be reused by many people and any modifications made on it not expressly authorized by the manufacturer will exempt it from any liability that may arise from the use of this product and use this garment with the distinct purpose for which it was manufactured. The approximate duration of the use of this product under the conditions described, is 1 year.<\/p>\n<p style=\"text-align: justify;\"><strong>WASH AND DRY<\/strong><br \/>\nAlways hand wash in warm water, use soap. In any case you must use bleach to dry clean. After washing, lay the garment on a flat surface wrapped in a towel and let it dry. Because it is a flammable product, do not expose it to direct sunlight or heat sources. Pay special attention to dry the metal parts of the garment (if it has them) and check that they have not been altered after the washing process.<\/p>\n<p style=\"text-align: justify;\"><strong>NOTE OF INTEREST:<\/strong> These instructions have been recorded in the <strong>Ministry of Health and Consumer<\/strong>.<\/p>\n<p>[\/et_pb_text][\/et_pb_column][\/et_pb_row][et_pb_row][et_pb_column type=&#8221;1_3&#8243;][et_pb_image admin_label=&#8221;Imagen&#8221; src=&#8221;http:\/\/comercialnespral.com\/wp-content\/uploads\/2015\/09\/3010.jpg&#8221; alt=&#8221;Collar\u00edn polietileno (5 tallas)&#8221; title_text=&#8221;Collar\u00edn polietileno (5 tallas)&#8221; show_in_lightbox=&#8221;on&#8221; url_new_window=&#8221;off&#8221; animation=&#8221;off&#8221; sticky=&#8221;off&#8221; align=&#8221;center&#8221; force_fullwidth=&#8221;off&#8221; always_center_on_mobile=&#8221;on&#8221; use_border_color=&#8221;on&#8221; border_color=&#8221;#1e73be&#8221; border_style=&#8221;solid&#8221; border_width=&#8221;4px&#8221; \/][et_pb_text admin_label=&#8221;Texto&#8221; background_layout=&#8221;light&#8221; text_orientation=&#8221;left&#8221; use_border_color=&#8221;off&#8221; border_color=&#8221;#ffffff&#8221; border_style=&#8221;solid&#8221;]<\/p>\n<h4 style=\"text-align: center;\"><strong>reference: 0310<\/strong><\/h4>\n<h4 style=\"text-align: center;\">Polyethylene collar<\/h4>\n<p>[\/et_pb_text][et_pb_image admin_label=&#8221;Imagen&#8221; src=&#8221;http:\/\/comercialnespral.com\/wp-content\/uploads\/2015\/09\/3040.jpg&#8221; alt=&#8221;Collar\u00edn ment\u00f3n (4 tallas)&#8221; title_text=&#8221;Collar\u00edn ment\u00f3n (4 tallas)&#8221; show_in_lightbox=&#8221;on&#8221; url_new_window=&#8221;off&#8221; animation=&#8221;off&#8221; sticky=&#8221;off&#8221; align=&#8221;center&#8221; force_fullwidth=&#8221;off&#8221; always_center_on_mobile=&#8221;on&#8221; use_border_color=&#8221;on&#8221; border_color=&#8221;#1e73be&#8221; border_style=&#8221;solid&#8221; border_width=&#8221;4px&#8221; \/][et_pb_text admin_label=&#8221;Texto&#8221; background_layout=&#8221;light&#8221; text_orientation=&#8221;left&#8221; use_border_color=&#8221;off&#8221; border_color=&#8221;#ffffff&#8221; border_style=&#8221;solid&#8221;]<\/p>\n<h4 style=\"text-align: center;\"><strong>referencia: 03040<\/strong><\/h4>\n<h4 style=\"text-align: center;\">Mentalis support collar<\/h4>\n<p>[\/et_pb_text][\/et_pb_column][et_pb_column type=&#8221;1_3&#8243;][et_pb_image admin_label=&#8221;Imagen&#8221; src=&#8221;http:\/\/comercialnespral.com\/wp-content\/uploads\/2015\/09\/3030.jpg&#8221; alt=&#8221;Collar\u00edn blando espuma (5 tallas)&#8221; title_text=&#8221;Collar\u00edn blando espuma (5 tallas)&#8221; show_in_lightbox=&#8221;on&#8221; url_new_window=&#8221;off&#8221; animation=&#8221;off&#8221; sticky=&#8221;off&#8221; align=&#8221;center&#8221; force_fullwidth=&#8221;off&#8221; always_center_on_mobile=&#8221;on&#8221; use_border_color=&#8221;on&#8221; border_color=&#8221;#1e73be&#8221; border_style=&#8221;solid&#8221; border_width=&#8221;4px&#8221; \/][et_pb_text admin_label=&#8221;Texto&#8221; background_layout=&#8221;light&#8221; text_orientation=&#8221;left&#8221; use_border_color=&#8221;off&#8221; border_color=&#8221;#ffffff&#8221; border_style=&#8221;solid&#8221;]<\/p>\n<h4 style=\"text-align: center;\"><strong>referencia: 03030<\/strong><\/h4>\n<h4 style=\"text-align: center;\">Foam collar<\/h4>\n<p>[\/et_pb_text][et_pb_image admin_label=&#8221;Imagen&#8221; src=&#8221;http:\/\/comercialnespral.com\/wp-content\/uploads\/2015\/09\/3050.jpg&#8221; alt=&#8221;Collar\u00edn Philadelphia sin traqueotom\u00eda (3 tallas)&#8221; title_text=&#8221;Collar\u00edn Philadelphia sin traqueotom\u00eda (3 tallas)&#8221; show_in_lightbox=&#8221;on&#8221; url_new_window=&#8221;off&#8221; animation=&#8221;off&#8221; sticky=&#8221;off&#8221; align=&#8221;center&#8221; force_fullwidth=&#8221;off&#8221; always_center_on_mobile=&#8221;on&#8221; use_border_color=&#8221;on&#8221; border_color=&#8221;#1e73be&#8221; border_style=&#8221;solid&#8221; border_width=&#8221;4px&#8221; \/][et_pb_text admin_label=&#8221;Texto&#8221; background_layout=&#8221;light&#8221; text_orientation=&#8221;left&#8221; use_border_color=&#8221;off&#8221; border_color=&#8221;#ffffff&#8221; border_style=&#8221;solid&#8221;]<\/p>\n<h4 style=\"text-align: center;\"><strong>referencia: 03050<\/strong><\/h4>\n<h4 style=\"text-align: center;\">Collar philadelphia<\/h4>\n<p>[\/et_pb_text][\/et_pb_column][et_pb_column type=&#8221;1_3&#8243;][et_pb_image admin_label=&#8221;Imagen&#8221; src=&#8221;http:\/\/comercialnespral.com\/wp-content\/uploads\/2015\/09\/3035.jpg&#8221; alt=&#8221;Collar\u00edn semirr\u00edgido (5 tallas)&#8221; title_text=&#8221;Collar\u00edn semirr\u00edgido (5 tallas)&#8221; show_in_lightbox=&#8221;on&#8221; url_new_window=&#8221;off&#8221; animation=&#8221;off&#8221; sticky=&#8221;off&#8221; align=&#8221;center&#8221; force_fullwidth=&#8221;off&#8221; always_center_on_mobile=&#8221;on&#8221; use_border_color=&#8221;on&#8221; border_color=&#8221;#1e73be&#8221; border_style=&#8221;solid&#8221; border_width=&#8221;4px&#8221; \/][et_pb_text admin_label=&#8221;Texto&#8221; background_layout=&#8221;light&#8221; text_orientation=&#8221;left&#8221; use_border_color=&#8221;off&#8221; border_color=&#8221;#ffffff&#8221; border_style=&#8221;solid&#8221;]<\/p>\n<h4 style=\"text-align: center;\"><strong>reference: 03035<\/strong><\/h4>\n<h4 style=\"text-align: center;\">Semi-rigid foam collar<\/h4>\n<p>[\/et_pb_text][et_pb_image admin_label=&#8221;Imagen&#8221; src=&#8221;http:\/\/comercialnespral.com\/wp-content\/uploads\/2015\/09\/3060.jpg&#8221; alt=&#8221;Collar\u00edn Philadelphia con traqueotom\u00eda (3 tallas)&#8221; title_text=&#8221;Collar\u00edn Philadelphia con traqueotom\u00eda (3 tallas)&#8221; show_in_lightbox=&#8221;on&#8221; url_new_window=&#8221;off&#8221; animation=&#8221;off&#8221; sticky=&#8221;off&#8221; align=&#8221;center&#8221; force_fullwidth=&#8221;off&#8221; always_center_on_mobile=&#8221;on&#8221; use_border_color=&#8221;on&#8221; border_color=&#8221;#1e73be&#8221; border_style=&#8221;solid&#8221; border_width=&#8221;4px&#8221; \/][et_pb_text admin_label=&#8221;Texto&#8221; background_layout=&#8221;light&#8221; text_orientation=&#8221;left&#8221; use_border_color=&#8221;off&#8221; border_color=&#8221;#ffffff&#8221; border_style=&#8221;solid&#8221;]<\/p>\n<h4 style=\"text-align: center;\"><strong>referencia: 03060<\/strong><\/h4>\n<h4 style=\"text-align: center;\">Collar philadelphia Trachea<\/h4>\n<p>[\/et_pb_text][\/et_pb_column][\/et_pb_row][et_pb_row][et_pb_column type=&#8221;4_4&#8243;][et_pb_text admin_label=&#8221;Texto&#8221; background_layout=&#8221;light&#8221; text_orientation=&#8221;left&#8221; use_border_color=&#8221;off&#8221; border_color=&#8221;#ffffff&#8221; border_style=&#8221;solid&#8221;]<\/p>\n<h4><strong>Others products<\/strong><\/h4>\n<p>[\/et_pb_text][et_pb_portfolio admin_label=&#8221;Portafolios&#8221; fullwidth=&#8221;off&#8221; include_categories=&#8221;11&#8243; show_title=&#8221;on&#8221; show_categories=&#8221;off&#8221; show_pagination=&#8221;off&#8221; background_layout=&#8221;light&#8221; hover_overlay_color=&#8221;rgba(255,255,255,0.9)&#8221; use_border_color=&#8221;off&#8221; border_color=&#8221;#ffffff&#8221; border_style=&#8221;solid&#8221; \/][\/et_pb_column][\/et_pb_row][\/et_pb_section]<\/p>\n","protected":false},"excerpt":{"rendered":"<p><div class=\"et_pb_section et_pb_section_0 et_section_regular\" >\n\t\t\t\t\n\t\t\t\t\n\t\t\t\t\n\t\t\t\t\n\t\t\t\t\n\t\t\t\t\n\t\t\t\t\n\t\t\t\t\n\t\t\t\t\n\t\t\t<\/div><div class=\"et_pb_row et_pb_row_0 et_pb_row_empty\">\n\t\t\t\t\n\t\t\t\t\n\t\t\t\t\n\t\t\t\t\n\t\t\t\t\n\t\t\t<\/div> Collars <div class=\"et_pb_row et_pb_row_1 et_pb_row_empty\">\n\t\t\t\t\n\t\t\t\t\n\t\t\t\t\n\t\t\t\t\n\t\t\t\t\n\t\t\t<\/div> GENERAL INFORMATION ABOUT THE PRODUCT This product is manufactured on the basis of the quality criteria set out in Real Decreto 414\/96, transposing Directive 93 \/ 42EEC on medical devices. It also meets all the essential requirements applicable to it. INDICATIONS Light or moderated cervical sprains without stability, soft areas traumatism and [&hellip;]<\/p>\n","protected":false},"author":1,"featured_media":436,"comment_status":"open","ping_status":"open","template":"","meta":{"_et_pb_use_builder":"on","_et_pb_old_content":"","_et_gb_content_width":""},"project_category":[12],"project_tag":[],"yoast_head":"<!-- This site is optimized with the Yoast SEO plugin v20.5 - https:\/\/yoast.com\/wordpress\/plugins\/seo\/ -->\n<title>Orthopedic collars<\/title>\n<meta name=\"description\" content=\"Light or moderated cervical sprains without stability, soft areas traumatism and other light cervical injuries, rheumatic processes (inflammatory or degenerative).\" \/>\n<meta name=\"robots\" content=\"index, follow, max-snippet:-1, max-image-preview:large, max-video-preview:-1\" \/>\n<link rel=\"canonical\" href=\"https:\/\/comercialnespral.com\/en\/project\/orthopedic-collars\/\" \/>\n<meta property=\"og:locale\" content=\"en_US\" \/>\n<meta property=\"og:type\" content=\"article\" \/>\n<meta property=\"og:title\" content=\"Orthopedic collars\" \/>\n<meta property=\"og:description\" content=\"Light or moderated cervical sprains without stability, soft areas traumatism and other light cervical injuries, rheumatic processes (inflammatory or degenerative).\" \/>\n<meta property=\"og:url\" content=\"https:\/\/comercialnespral.com\/en\/project\/orthopedic-collars\/\" \/>\n<meta property=\"og:site_name\" content=\"Comercial Nespral\" \/>\n<meta property=\"article:modified_time\" content=\"2016-03-16T11:19:49+00:00\" \/>\n<meta property=\"og:image\" content=\"https:\/\/comercialnespral.com\/wp-content\/uploads\/2015\/09\/3010.jpg\" \/>\n\t<meta property=\"og:image:width\" content=\"800\" \/>\n\t<meta property=\"og:image:height\" content=\"529\" \/>\n\t<meta property=\"og:image:type\" content=\"image\/jpeg\" \/>\n<meta name=\"twitter:card\" content=\"summary_large_image\" \/>\n<meta name=\"twitter:label1\" content=\"Est. reading time\" \/>\n\t<meta name=\"twitter:data1\" content=\"6 minutes\" \/>\n<script type=\"application\/ld+json\" class=\"yoast-schema-graph\">{\"@context\":\"https:\/\/schema.org\",\"@graph\":[{\"@type\":\"WebPage\",\"@id\":\"https:\/\/comercialnespral.com\/en\/project\/orthopedic-collars\/\",\"url\":\"https:\/\/comercialnespral.com\/en\/project\/orthopedic-collars\/\",\"name\":\"Orthopedic collars\",\"isPartOf\":{\"@id\":\"https:\/\/comercialnespral.com\/#website\"},\"datePublished\":\"2015-09-28T09:50:44+00:00\",\"dateModified\":\"2016-03-16T11:19:49+00:00\",\"description\":\"Light or moderated cervical sprains without stability, soft areas traumatism and other light cervical injuries, rheumatic processes (inflammatory or degenerative).\",\"breadcrumb\":{\"@id\":\"https:\/\/comercialnespral.com\/en\/project\/orthopedic-collars\/#breadcrumb\"},\"inLanguage\":\"en-US\",\"potentialAction\":[{\"@type\":\"ReadAction\",\"target\":[\"https:\/\/comercialnespral.com\/en\/project\/orthopedic-collars\/\"]}]},{\"@type\":\"BreadcrumbList\",\"@id\":\"https:\/\/comercialnespral.com\/en\/project\/orthopedic-collars\/#breadcrumb\",\"itemListElement\":[{\"@type\":\"ListItem\",\"position\":1,\"name\":\"Home\",\"item\":\"https:\/\/comercialnespral.com\/en\/\"},{\"@type\":\"ListItem\",\"position\":2,\"name\":\"Proyectos\",\"item\":\"https:\/\/comercialnespral.com\/project\/\"},{\"@type\":\"ListItem\",\"position\":3,\"name\":\"Collars\"}]},{\"@type\":\"WebSite\",\"@id\":\"https:\/\/comercialnespral.com\/#website\",\"url\":\"https:\/\/comercialnespral.com\/\",\"name\":\"Comercial Nespral\",\"description\":\"\",\"potentialAction\":[{\"@type\":\"SearchAction\",\"target\":{\"@type\":\"EntryPoint\",\"urlTemplate\":\"https:\/\/comercialnespral.com\/?s={search_term_string}\"},\"query-input\":\"required name=search_term_string\"}],\"inLanguage\":\"en-US\"}]}<\/script>\n<!-- \/ Yoast SEO plugin. -->","yoast_head_json":{"title":"Orthopedic collars","description":"Light or moderated cervical sprains without stability, soft areas traumatism and other light cervical injuries, rheumatic processes (inflammatory or degenerative).","robots":{"index":"index","follow":"follow","max-snippet":"max-snippet:-1","max-image-preview":"max-image-preview:large","max-video-preview":"max-video-preview:-1"},"canonical":"https:\/\/comercialnespral.com\/en\/project\/orthopedic-collars\/","og_locale":"en_US","og_type":"article","og_title":"Orthopedic collars","og_description":"Light or moderated cervical sprains without stability, soft areas traumatism and other light cervical injuries, rheumatic processes (inflammatory or degenerative).","og_url":"https:\/\/comercialnespral.com\/en\/project\/orthopedic-collars\/","og_site_name":"Comercial Nespral","article_modified_time":"2016-03-16T11:19:49+00:00","og_image":[{"width":800,"height":529,"url":"https:\/\/comercialnespral.com\/wp-content\/uploads\/2015\/09\/3010.jpg","type":"image\/jpeg"}],"twitter_card":"summary_large_image","twitter_misc":{"Est. reading time":"6 minutes"},"schema":{"@context":"https:\/\/schema.org","@graph":[{"@type":"WebPage","@id":"https:\/\/comercialnespral.com\/en\/project\/orthopedic-collars\/","url":"https:\/\/comercialnespral.com\/en\/project\/orthopedic-collars\/","name":"Orthopedic collars","isPartOf":{"@id":"https:\/\/comercialnespral.com\/#website"},"datePublished":"2015-09-28T09:50:44+00:00","dateModified":"2016-03-16T11:19:49+00:00","description":"Light or moderated cervical sprains without stability, soft areas traumatism and other light cervical injuries, rheumatic processes (inflammatory or degenerative).","breadcrumb":{"@id":"https:\/\/comercialnespral.com\/en\/project\/orthopedic-collars\/#breadcrumb"},"inLanguage":"en-US","potentialAction":[{"@type":"ReadAction","target":["https:\/\/comercialnespral.com\/en\/project\/orthopedic-collars\/"]}]},{"@type":"BreadcrumbList","@id":"https:\/\/comercialnespral.com\/en\/project\/orthopedic-collars\/#breadcrumb","itemListElement":[{"@type":"ListItem","position":1,"name":"Home","item":"https:\/\/comercialnespral.com\/en\/"},{"@type":"ListItem","position":2,"name":"Proyectos","item":"https:\/\/comercialnespral.com\/project\/"},{"@type":"ListItem","position":3,"name":"Collars"}]},{"@type":"WebSite","@id":"https:\/\/comercialnespral.com\/#website","url":"https:\/\/comercialnespral.com\/","name":"Comercial Nespral","description":"","potentialAction":[{"@type":"SearchAction","target":{"@type":"EntryPoint","urlTemplate":"https:\/\/comercialnespral.com\/?s={search_term_string}"},"query-input":"required name=search_term_string"}],"inLanguage":"en-US"}]}},"_links":{"self":[{"href":"https:\/\/comercialnespral.com\/en\/wp-json\/wp\/v2\/project\/563"}],"collection":[{"href":"https:\/\/comercialnespral.com\/en\/wp-json\/wp\/v2\/project"}],"about":[{"href":"https:\/\/comercialnespral.com\/en\/wp-json\/wp\/v2\/types\/project"}],"author":[{"embeddable":true,"href":"https:\/\/comercialnespral.com\/en\/wp-json\/wp\/v2\/users\/1"}],"replies":[{"embeddable":true,"href":"https:\/\/comercialnespral.com\/en\/wp-json\/wp\/v2\/comments?post=563"}],"version-history":[{"count":4,"href":"https:\/\/comercialnespral.com\/en\/wp-json\/wp\/v2\/project\/563\/revisions"}],"predecessor-version":[{"id":674,"href":"https:\/\/comercialnespral.com\/en\/wp-json\/wp\/v2\/project\/563\/revisions\/674"}],"wp:featuredmedia":[{"embeddable":true,"href":"https:\/\/comercialnespral.com\/en\/wp-json\/wp\/v2\/media\/436"}],"wp:attachment":[{"href":"https:\/\/comercialnespral.com\/en\/wp-json\/wp\/v2\/media?parent=563"}],"wp:term":[{"taxonomy":"project_category","embeddable":true,"href":"https:\/\/comercialnespral.com\/en\/wp-json\/wp\/v2\/project_category?post=563"},{"taxonomy":"project_tag","embeddable":true,"href":"https:\/\/comercialnespral.com\/en\/wp-json\/wp\/v2\/project_tag?post=563"}],"curies":[{"name":"wp","href":"https:\/\/api.w.org\/{rel}","templated":true}]}}